{"id":3427,"date":"2017-02-17T10:27:11","date_gmt":"2017-02-17T16:27:11","guid":{"rendered":"http:\/\/diocesisdeyoro.com\/blog\/?page_id=3427"},"modified":"2017-03-02T14:33:32","modified_gmt":"2017-03-02T20:33:32","slug":"antiguo-testamento","status":"publish","type":"page","link":"https:\/\/diocesisdeyoro.com\/blog\/?page_id=3427","title":{"rendered":"Antiguo Testamento"},"content":{"rendered":"<p><a href=\"https:\/\/diocesisdeyoro.com\/blog\/wp-content\/uploads\/2017\/02\/noe-alianza.jpg\"><img loading=\"lazy\" decoding=\"async\" class=\"alignleft wp-image-3428\" src=\"https:\/\/diocesisdeyoro.com\/blog\/wp-content\/uploads\/2017\/02\/noe-alianza.jpg\" width=\"301\" height=\"402\" \/><\/a><strong>El Arco Iris<\/strong><\/p>\n<p style=\"text-align: justify;\">Dios nos promete la vida. El arco iris se\u00f1ala la primera alianza como puente entre Dios y la humanidad. el arca simboliza la garant\u00eda del triunfo sobre el pecado y es figura de la iglesia, abierta a la salvaci\u00f3n universal. La paloma con la rama de olivo al fin del diluvio es signo universal de paz, vida y triunfo.<\/p>\n<p><strong>Referencia b\u00edblica: G\u00e9nesis 9, 13-17.<\/strong><\/p>\n<p>&nbsp;<\/p>\n<p>&nbsp;<\/p>\n<p>&nbsp;<\/p>\n<p>&nbsp;<\/p>\n<p>&nbsp;<\/p>\n<p>&nbsp;<\/p>\n<p>&nbsp;<\/p>\n<p><strong><a href=\"https:\/\/diocesisdeyoro.com\/blog\/wp-content\/uploads\/2017\/02\/zarza_ardiendo.jpg\"><img loading=\"lazy\" decoding=\"async\" class=\"alignleft wp-image-3429 size-full\" src=\"https:\/\/diocesisdeyoro.com\/blog\/wp-content\/uploads\/2017\/02\/zarza_ardiendo.jpg\" width=\"300\" height=\"224\" \/><\/a>La Zarza Ardiendo<\/strong><\/p>\n<p style=\"text-align: justify;\">S\u00edmbolo de la revelaci\u00f3n de Dios. En ella Dios revela a Mois\u00e9s su nombre: <em> <strong>Yahveh<\/strong><\/em>, o sea, <strong>\u201cYo Soy el que Soy\u201d<\/strong> (Ex 3, 14), cuyas letras sugieren la acci\u00f3n liberadora de Dios. Ah\u00ed le promete su apoyo y le indica su misi\u00f3n. La Zarza Ardiendo es figura de Cristo, suprema revelaci\u00f3n de Dios.<\/p>\n<p><strong>Referencia b\u00edblica: Exodo 3, 4-6.<\/strong><\/p>\n<p>&nbsp;<\/p>\n<p>&nbsp;<\/p>\n<p>&nbsp;<\/p>\n<p><strong><a href=\"https:\/\/diocesisdeyoro.com\/blog\/wp-content\/uploads\/2017\/02\/mana_delcielo.jpg\"><img loading=\"lazy\" decoding=\"async\" class=\"alignleft wp-image-3430\" src=\"https:\/\/diocesisdeyoro.com\/blog\/wp-content\/uploads\/2017\/02\/mana_delcielo.jpg\" width=\"299\" height=\"224\" \/><\/a>El Man\u00e1 Del Cielo<\/strong><\/p>\n<p style=\"text-align: justify;\">Es signo de la protecci\u00f3n cercana de Dios con su pueblo; con el man\u00e1, Dios fortalece su fe y le exige confianza y fidelidad. Se conservaba una raci\u00f3n de man\u00e1 en el arca junto con las tablas de la Ley. El man\u00e1 es figura de la eucarist\u00eda, verdadero pan del cielo que da la vida eterna y del banquete al final de los tiempos.<\/p>\n<p><strong>Referencia b\u00edblica: Exodo 16, 31-36.<\/strong><\/p>\n<p>&nbsp;<\/p>\n<p>&nbsp;<\/p>\n<p>&nbsp;<\/p>\n<p><strong><a href=\"https:\/\/diocesisdeyoro.com\/blog\/wp-content\/uploads\/2017\/02\/Moises_y_las_tablas.jpg\"><img loading=\"lazy\" decoding=\"async\" class=\"alignleft wp-image-3431\" src=\"https:\/\/diocesisdeyoro.com\/blog\/wp-content\/uploads\/2017\/02\/Moises_y_las_tablas.jpg\" width=\"299\" height=\"498\" srcset=\"https:\/\/diocesisdeyoro.com\/blog\/wp-content\/uploads\/2017\/02\/Moises_y_las_tablas.jpg 425w, https:\/\/diocesisdeyoro.com\/blog\/wp-content\/uploads\/2017\/02\/Moises_y_las_tablas-180x300.jpg 180w\" sizes=\"auto, (max-width: 299px) 100vw, 299px\" \/><\/a>Las Tablas de la Ley<\/strong><\/p>\n<p style=\"text-align: justify;\">Dios nos ofrece los diez mandamientos como camino de vida. Se les llama dec\u00e1logo, que significa <strong><em>\u201cdiez palabras\u201d<\/em><\/strong>\u00a0 y los pone literalmente en nuestras manos pues podemos contarlos con los dedos. Son principios morales universales en el tiempo y el espacio.<\/p>\n<p><strong>Proclamaci\u00f3n de los Diez Mandamientos<\/strong><\/p>\n<p>1). Yo Soy el Se\u00f1or tu Dios\u2026 No tendr\u00e1s otro Dios fuera de m\u00ed.<\/p>\n<p>2). No tomar\u00e1s en vano el nombre del Se\u00f1or, tu Dios.<\/p>\n<p style=\"text-align: justify;\">3). Acuerdate del s\u00e1bado para santificarlo.<\/p>\n<p>4). Honra a tu padre y a tu madre.<\/p>\n<p>5). No matar\u00e1s.<\/p>\n<p>6). No cometer\u00e1s adulterio.<\/p>\n<p>7). No robar\u00e1s.<\/p>\n<p>8). No dar\u00e1s falso testimonio contra tu pr\u00f3jimo.<\/p>\n<p>9). No desear\u00e1s la mujer de tu pr\u00f3jimo.<\/p>\n<p>10). No desear\u00e1s nada que le pertenezca a tu pr\u00f3jimo.<\/p>\n<p><strong>Referencia b\u00edblica: Exodo 20, 1-17.<\/strong><\/p>\n<p>&nbsp;<\/p>\n<p>&nbsp;<\/p>\n<p><strong><a href=\"https:\/\/diocesisdeyoro.com\/blog\/wp-content\/uploads\/2017\/02\/arca.jpg\"><img loading=\"lazy\" decoding=\"async\" class=\"alignleft wp-image-3432\" src=\"https:\/\/diocesisdeyoro.com\/blog\/wp-content\/uploads\/2017\/02\/arca.jpg\" width=\"301\" height=\"300\" srcset=\"https:\/\/diocesisdeyoro.com\/blog\/wp-content\/uploads\/2017\/02\/arca.jpg 238w, https:\/\/diocesisdeyoro.com\/blog\/wp-content\/uploads\/2017\/02\/arca-150x150.jpg 150w\" sizes=\"auto, (max-width: 301px) 100vw, 301px\" \/><\/a>El Arca de la Alianza<\/strong><\/p>\n<p style=\"text-align: justify;\">Simboliza el pacto de Dios con su pueblo y la presencia divina que gu\u00eda, protege, ense\u00f1a y escucha a los israelitas. El arca guardaba las tablas de la ley y es una figura importante de Jes\u00fas en el Antiguo Testamento, pu\u00e9s \u00e9l establece la nueva alianza, inscribe su ley en el coraz\u00f3n y nos lleva a Dios.<\/p>\n<p><strong>Referencia b\u00edblica: Exodo 25, 10-22.<\/strong><\/p>\n<p>&nbsp;<\/p>\n<p>&nbsp;<\/p>\n<p>&nbsp;<\/p>\n<p>&nbsp;<\/p>\n<p>&nbsp;<\/p>\n<p><strong><a href=\"https:\/\/diocesisdeyoro.com\/blog\/wp-content\/uploads\/2017\/02\/nube.jpg\"><img loading=\"lazy\" decoding=\"async\" class=\"alignleft wp-image-3433 size-medium\" src=\"https:\/\/diocesisdeyoro.com\/blog\/wp-content\/uploads\/2017\/02\/nube-300x225.jpg\" width=\"300\" height=\"225\" srcset=\"https:\/\/diocesisdeyoro.com\/blog\/wp-content\/uploads\/2017\/02\/nube-300x225.jpg 300w, https:\/\/diocesisdeyoro.com\/blog\/wp-content\/uploads\/2017\/02\/nube-768x576.jpg 768w, https:\/\/diocesisdeyoro.com\/blog\/wp-content\/uploads\/2017\/02\/nube.jpg 800w\" sizes=\"auto, (max-width: 300px) 100vw, 300px\" \/><\/a>La Nube<\/strong><\/p>\n<p style=\"text-align: justify;\">Simboliza al Dios vivo y salvador que cuida a su pueblo. En el Antiguo Testamento, la nube es signo de protecci\u00f3n, gloria y misterio de Dios y en el Nuevo Testamento simboliza el Esp\u00edritu Santo. Igual que Mois\u00e9s fue sumergido en la nube al recibir las leyes de Dios, nosotros somos sumergidos en el Esp\u00edritu en el Bautismo.<\/p>\n<p><strong>Referencia b\u00edblica: Exodo 40, 36-38.<\/strong><\/p>\n<p>&nbsp;<\/p>\n<p>&nbsp;<\/p>\n<div id=\"firstpane\">\n<p>&nbsp;<\/p>\n<\/div>\n<p><strong><a href=\"https:\/\/diocesisdeyoro.com\/blog\/wp-content\/uploads\/2017\/02\/agua_de_la_roca.jpg\"><img loading=\"lazy\" decoding=\"async\" class=\"alignleft wp-image-3434 size-medium\" src=\"https:\/\/diocesisdeyoro.com\/blog\/wp-content\/uploads\/2017\/02\/agua_de_la_roca-300x216.jpg\" width=\"300\" height=\"216\" srcset=\"https:\/\/diocesisdeyoro.com\/blog\/wp-content\/uploads\/2017\/02\/agua_de_la_roca-300x216.jpg 300w, https:\/\/diocesisdeyoro.com\/blog\/wp-content\/uploads\/2017\/02\/agua_de_la_roca.jpg 486w\" sizes=\"auto, (max-width: 300px) 100vw, 300px\" \/><\/a>La Roca<\/strong><\/p>\n<p style=\"text-align: justify;\">Significa firmeza y solidez. Tambien es fuente de vida como cuando Dios hizo brotar agua de ella en el desierto. En el Nuevo Testamento tiene ambos sentidos: Pedro es la roca con la misi\u00f3n de apoyar a la iglesia. Cristo es identificado por Pablo como la roca, manantial de agua viva <strong>(1 Corintios 10, 4)<\/strong>.<\/p>\n<p><strong>Referencia b\u00edblica: N\u00fameros 20, 9-13.<\/strong><\/p>\n<p>&nbsp;<\/p>\n<p>&nbsp;<\/p>\n<p><strong><a href=\"https:\/\/diocesisdeyoro.com\/blog\/wp-content\/uploads\/2017\/02\/serpiente_de_bronce.jpg\"><img loading=\"lazy\" decoding=\"async\" class=\"alignleft wp-image-3435\" src=\"https:\/\/diocesisdeyoro.com\/blog\/wp-content\/uploads\/2017\/02\/serpiente_de_bronce-245x300.jpg\" width=\"301\" height=\"369\" srcset=\"https:\/\/diocesisdeyoro.com\/blog\/wp-content\/uploads\/2017\/02\/serpiente_de_bronce-245x300.jpg 245w, https:\/\/diocesisdeyoro.com\/blog\/wp-content\/uploads\/2017\/02\/serpiente_de_bronce.jpg 354w\" sizes=\"auto, (max-width: 301px) 100vw, 301px\" \/><\/a>La Serpiente de Bronce<\/strong><\/p>\n<p style=\"text-align: justify;\">Significa Salvaci\u00f3n, aliviaba a quienes iban a morir mordidos por serpientes. Jes\u00fas aplic\u00f3 este s\u00edmbolo a la salvaci\u00f3n por su muerte: <em>\u201cLo mismo que Mois\u00e9s levant\u00f3 la serpiente de bronce\u2026 El Hijo del hombre tiene que ser levantado en alto, para que todo el que crea en \u00e9l tenga vida eterna\u201d<\/em> <strong>(Juan 3, 14-15)<\/strong>.<\/p>\n<p><strong>Referencia b\u00edblica: N\u00fameros 21, 6-9.<\/strong><\/p>\n<p>&nbsp;<\/p>\n<p>&nbsp;<\/p>\n<p>&nbsp;<\/p>\n<p>&nbsp;<\/p>\n<p>&nbsp;<\/p>\n<p>&nbsp;<\/p>\n<p><strong><a href=\"https:\/\/diocesisdeyoro.com\/blog\/wp-content\/uploads\/2017\/02\/sanson.jpg\"><img loading=\"lazy\" decoding=\"async\" class=\"alignleft wp-image-3436 size-medium\" src=\"https:\/\/diocesisdeyoro.com\/blog\/wp-content\/uploads\/2017\/02\/sanson-300x228.jpg\" width=\"300\" height=\"228\" srcset=\"https:\/\/diocesisdeyoro.com\/blog\/wp-content\/uploads\/2017\/02\/sanson-300x228.jpg 300w, https:\/\/diocesisdeyoro.com\/blog\/wp-content\/uploads\/2017\/02\/sanson-768x584.jpg 768w, https:\/\/diocesisdeyoro.com\/blog\/wp-content\/uploads\/2017\/02\/sanson.jpg 1000w\" sizes=\"auto, (max-width: 300px) 100vw, 300px\" \/><\/a>Sans\u00f3n \u201cEl Juez Fuerte\u201d<\/strong><\/p>\n<p style=\"text-align: justify;\">Una de las historias m\u00e1s conocidas de la biblia es la de Sans\u00f3n, muchos lo conocen por varias haza\u00f1as como matar un le\u00f3n a mano limpia y a mil hombres con la quijada de un burro.<\/p>\n<p style=\"text-align: justify;\">Sans\u00f3n como persona consagrada deb\u00eda abstenerce de alcohol, comer algo impuro y de cortarse el pelo. Pero rompi\u00f3 todos sus votos, se dej\u00f3 llevar por la lujuria y us\u00f3 su gran fuerza para venganzas personales.<\/p>\n<p style=\"text-align: justify;\">Padeci\u00f3 por sus pecados y finalmente su muerte trajo la victoria a los israelitas sobre los filisteos.<\/p>\n<p><strong>Referencia b\u00edblica: Jueces 13 al 16.<\/strong><\/p>\n<p>&nbsp;<\/p>\n<h2>\u00bfDeseas ver m\u00e1s?<\/h2>\n<ol>\n<li>\n<h3><a href=\"https:\/\/diocesisdeyoro.com\/blog\/?page_id=3445\">Nuevo Testamento<\/a><\/h3>\n<\/li>\n<li>\n<h3><a href=\"https:\/\/diocesisdeyoro.com\/blog\/?page_id=3476\">Liturgia<\/a><\/h3>\n<\/li>\n<\/ol>\n","protected":false},"excerpt":{"rendered":"<p>El Arco Iris Dios nos promete la vida. El arco iris se\u00f1ala la primera alianza como puente entre Dios y la humanidad. el arca simboliza la garant\u00eda del triunfo sobre &hellip; <a class=\"readmore\" href=\"https:\/\/diocesisdeyoro.com\/blog\/?page_id=3427\">Seguir leyendo &rarr;<\/a><\/p>\n","protected":false},"author":1,"featured_media":0,"parent":3423,"menu_order":1,"comment_status":"closed","ping_status":"closed","template":"page-template-full.php","meta":{"_themeisle_gutenberg_block_has_review":false,"footnotes":""},"class_list":["post-3427","page","type-page","status-publish","hentry"],"_links":{"self":[{"href":"https:\/\/diocesisdeyoro.com\/blog\/index.php?rest_route=\/wp\/v2\/pages\/3427","targetHints":{"allow":["GET"]}}],"collection":[{"href":"https:\/\/diocesisdeyoro.com\/blog\/index.php?rest_route=\/wp\/v2\/pages"}],"about":[{"href":"https:\/\/diocesisdeyoro.com\/blog\/index.php?rest_route=\/wp\/v2\/types\/page"}],"author":[{"embeddable":true,"href":"https:\/\/diocesisdeyoro.com\/blog\/index.php?rest_route=\/wp\/v2\/users\/1"}],"replies":[{"embeddable":true,"href":"https:\/\/diocesisdeyoro.com\/blog\/index.php?rest_route=%2Fwp%2Fv2%2Fcomments&post=3427"}],"version-history":[{"count":10,"href":"https:\/\/diocesisdeyoro.com\/blog\/index.php?rest_route=\/wp\/v2\/pages\/3427\/revisions"}],"predecessor-version":[{"id":3738,"href":"https:\/\/diocesisdeyoro.com\/blog\/index.php?rest_route=\/wp\/v2\/pages\/3427\/revisions\/3738"}],"up":[{"embeddable":true,"href":"https:\/\/diocesisdeyoro.com\/blog\/index.php?rest_route=\/wp\/v2\/pages\/3423"}],"wp:attachment":[{"href":"https:\/\/diocesisdeyoro.com\/blog\/index.php?rest_route=%2Fwp%2Fv2%2Fmedia&parent=3427"}],"curies":[{"name":"wp","href":"https:\/\/api.w.org\/{rel}","templated":true}]}}