{"id":3445,"date":"2017-02-17T11:12:05","date_gmt":"2017-02-17T17:12:05","guid":{"rendered":"http:\/\/diocesisdeyoro.com\/blog\/?page_id=3445"},"modified":"2017-03-02T14:36:35","modified_gmt":"2017-03-02T20:36:35","slug":"nuevo-testamento","status":"publish","type":"page","link":"https:\/\/diocesisdeyoro.com\/blog\/?page_id=3445","title":{"rendered":"Nuevo Testamento"},"content":{"rendered":"<div class=\"entry clearfix\">\n<p><a href=\"https:\/\/diocesisdeyoro.com\/blog\/wp-content\/uploads\/2017\/02\/juan_el_bautista.jpg\"><img loading=\"lazy\" decoding=\"async\" class=\"alignleft wp-image-3446 size-medium\" src=\"https:\/\/diocesisdeyoro.com\/blog\/wp-content\/uploads\/2017\/02\/juan_el_bautista-300x225.jpg\" width=\"300\" height=\"225\" srcset=\"https:\/\/diocesisdeyoro.com\/blog\/wp-content\/uploads\/2017\/02\/juan_el_bautista-300x225.jpg 300w, https:\/\/diocesisdeyoro.com\/blog\/wp-content\/uploads\/2017\/02\/juan_el_bautista.jpg 768w\" sizes=\"auto, (max-width: 300px) 100vw, 300px\" \/><\/a><strong>Juan El Bautista<\/strong><\/p>\n<p style=\"text-align: justify;\">Viv\u00eda en el desierto, vest\u00eda de piel de camello atada con una correa de cuero, com\u00eda saltamontes y miel silvestre. (San Marcos 1, 6). Isa\u00edas lo presenta en el antiguo testamento como <em><strong>\u201cLa voz que grita en el desierto\u201d<\/strong><\/em>\u00a0 para preparar la llegada del Se\u00f1or (San Mateo 3, 3).<\/p>\n<p style=\"text-align: justify;\">Juan predic\u00f3 que el bautizaba con agua y que vendr\u00eda otra persona que \u00e9l no era digno ni de quitarle las sandalias y que bautizar\u00eda con \u201cEl Esp\u00edritu Santo y fuego\u201d.<\/p>\n<p><strong>Referencia b\u00edblica: San Mateo 3, 1-12.<\/strong><\/p>\n<p>&nbsp;<\/p>\n<p><strong><a href=\"https:\/\/diocesisdeyoro.com\/blog\/wp-content\/uploads\/2017\/02\/el_sembrador.jpg\"><img loading=\"lazy\" decoding=\"async\" class=\"alignleft wp-image-3447 size-medium\" src=\"https:\/\/diocesisdeyoro.com\/blog\/wp-content\/uploads\/2017\/02\/el_sembrador-300x212.jpg\" width=\"300\" height=\"212\" srcset=\"https:\/\/diocesisdeyoro.com\/blog\/wp-content\/uploads\/2017\/02\/el_sembrador-300x212.jpg 300w, https:\/\/diocesisdeyoro.com\/blog\/wp-content\/uploads\/2017\/02\/el_sembrador.jpg 466w\" sizes=\"auto, (max-width: 300px) 100vw, 300px\" \/><\/a>El Sembrador<\/strong><\/p>\n<p style=\"text-align: justify;\">Es imagen de Jes\u00fas, que siembra en nosotros la palabra de Dios y nos invita a hacer lo mismo a trav\u00e9s de nuestra vida, palabras y obras. Es una persona de esperanza, pues el fruto de su trabajo se d\u00e1 en el futuro. La semilla tambi\u00e9n es imagen de Jes\u00fas quien muere para dar fruto (San Juan 12, 24).<\/p>\n<p><strong>Referencia b\u00edblica: San Mateo 13, 3-9.<\/strong><\/p>\n<p>&nbsp;<\/p>\n<p>&nbsp;<\/p>\n<p><strong><a href=\"https:\/\/diocesisdeyoro.com\/blog\/wp-content\/uploads\/2017\/02\/Llaves_Pedro.jpg\"><img loading=\"lazy\" decoding=\"async\" class=\"alignleft wp-image-3448 size-medium\" src=\"https:\/\/diocesisdeyoro.com\/blog\/wp-content\/uploads\/2017\/02\/Llaves_Pedro-300x289.jpg\" width=\"300\" height=\"289\" srcset=\"https:\/\/diocesisdeyoro.com\/blog\/wp-content\/uploads\/2017\/02\/Llaves_Pedro-300x289.jpg 300w, https:\/\/diocesisdeyoro.com\/blog\/wp-content\/uploads\/2017\/02\/Llaves_Pedro-768x739.jpg 768w, https:\/\/diocesisdeyoro.com\/blog\/wp-content\/uploads\/2017\/02\/Llaves_Pedro.jpg 780w\" sizes=\"auto, (max-width: 300px) 100vw, 300px\" \/><\/a>Las Llaves<\/strong><\/p>\n<p style=\"text-align: justify;\">Las llaves entregadas a Pedro son el s\u00edmbolo de la Santa Sede. Se representan perforadas en forma de Cruz. Una de ellas alude al poder sobre el reino de los cielos y la otra indica la autoridad del papado en la tierra. Est\u00e1n enlazadas entre si mostrando la uni\u00f3n de los dos poderes.<\/p>\n<p><strong>Referencia b\u00edblica: San Mateo 16, 18-19.<\/strong><\/p>\n<p>&nbsp;<\/p>\n<p>&nbsp;<\/p>\n<p>&nbsp;<\/p>\n<p>&nbsp;<\/p>\n<p><strong><a href=\"https:\/\/diocesisdeyoro.com\/blog\/wp-content\/uploads\/2017\/02\/lampara-aceite.jpg\"><img loading=\"lazy\" decoding=\"async\" class=\"alignleft wp-image-3449 size-medium\" src=\"https:\/\/diocesisdeyoro.com\/blog\/wp-content\/uploads\/2017\/02\/lampara-aceite-300x203.jpg\" width=\"300\" height=\"203\" srcset=\"https:\/\/diocesisdeyoro.com\/blog\/wp-content\/uploads\/2017\/02\/lampara-aceite-300x203.jpg 300w, https:\/\/diocesisdeyoro.com\/blog\/wp-content\/uploads\/2017\/02\/lampara-aceite.jpg 480w\" sizes=\"auto, (max-width: 300px) 100vw, 300px\" \/><\/a>La L\u00e1mpara de Aceite<\/strong><\/p>\n<p style=\"text-align: justify;\">Simboliza estar siempre preparados para el encuentro con el Padre, apoyados en Jes\u00fas. La flama corresponde a la luz del Esp\u00edritu Santo que recibimos en nuestro bautismo y significa nuestra fidelidad a Dios, expresada en la coherencia de la fe, el gozo de la esperanza y el ardor del amor.<\/p>\n<p><strong>Referencia b\u00edblica: San Mateo 25, 4-13.<\/strong><\/p>\n<p>&nbsp;<\/p>\n<p>&nbsp;<\/p>\n<p><strong><a href=\"https:\/\/diocesisdeyoro.com\/blog\/wp-content\/uploads\/2017\/02\/paloma.jpg\"><img loading=\"lazy\" decoding=\"async\" class=\"alignleft wp-image-3450 size-medium\" src=\"https:\/\/diocesisdeyoro.com\/blog\/wp-content\/uploads\/2017\/02\/paloma-298x300.jpg\" width=\"298\" height=\"300\" srcset=\"https:\/\/diocesisdeyoro.com\/blog\/wp-content\/uploads\/2017\/02\/paloma-298x300.jpg 298w, https:\/\/diocesisdeyoro.com\/blog\/wp-content\/uploads\/2017\/02\/paloma-150x150.jpg 150w, https:\/\/diocesisdeyoro.com\/blog\/wp-content\/uploads\/2017\/02\/paloma.jpg 397w\" sizes=\"auto, (max-width: 298px) 100vw, 298px\" \/><\/a>La Paloma<\/strong><\/p>\n<p style=\"text-align: justify;\">En el Antiguo Testamento la paloma es signo de libertad, vida nueva y paz <strong>(G\u00e9nesis 8, 8)<\/strong>, es tambi\u00e9n signo de la ofrenda de los pobres a Dios <strong>(Lev\u00edtico 12, 8)<\/strong>.<\/p>\n<p style=\"text-align: justify;\">En el Nuevo Testamento se le identifica como El Esp\u00edritu Santo a partir del Bautismo de Jes\u00fas. Sus arrullos evocan amor y sus gemidos, la intercesi\u00f3n del Esp\u00edtiru de Dios que habita en nosotros..<\/p>\n<p><strong>Referencia b\u00edblica: San Marcos 1, 10-11.<\/strong><\/p>\n<p>&nbsp;<\/p>\n<p>&nbsp;<\/p>\n<p>&nbsp;<\/p>\n<p>&nbsp;<\/p>\n<p><strong><a href=\"https:\/\/diocesisdeyoro.com\/blog\/wp-content\/uploads\/2017\/02\/pan_y_el_vino.jpg\"><img loading=\"lazy\" decoding=\"async\" class=\"alignleft wp-image-3451 size-medium\" src=\"https:\/\/diocesisdeyoro.com\/blog\/wp-content\/uploads\/2017\/02\/pan_y_el_vino-300x266.jpg\" width=\"300\" height=\"266\" srcset=\"https:\/\/diocesisdeyoro.com\/blog\/wp-content\/uploads\/2017\/02\/pan_y_el_vino-300x266.jpg 300w, https:\/\/diocesisdeyoro.com\/blog\/wp-content\/uploads\/2017\/02\/pan_y_el_vino.jpg 626w\" sizes=\"auto, (max-width: 300px) 100vw, 300px\" \/><\/a>El Pan y El Vino<\/strong><\/p>\n<p style=\"text-align: justify;\">Simbolizan la Eucarist\u00eda instituida por Jes\u00fas en la \u00faltima cena. Son fruto de la tierra y del trabajo humano que el Esp\u00edritu Santo transforma sacramentalmente en el cuerpo y sangre de Jes\u00fas. Tanto el grano sembrado y las espigas hechas pan como el vino son signo de nuestra entrega a Dios.<\/p>\n<p><strong>Referencia b\u00edblica: San Marcos 14, 21-25.<\/strong><\/p>\n<p>&nbsp;<\/p>\n<p>&nbsp;<\/p>\n<p>&nbsp;<\/p>\n<p><strong>\u00a0<\/strong><\/p>\n<p><strong><a href=\"https:\/\/diocesisdeyoro.com\/blog\/wp-content\/uploads\/2017\/02\/corona_de_espinas.jpg\"><img loading=\"lazy\" decoding=\"async\" class=\"alignleft wp-image-3452 size-medium\" src=\"https:\/\/diocesisdeyoro.com\/blog\/wp-content\/uploads\/2017\/02\/corona_de_espinas-300x206.jpg\" width=\"300\" height=\"206\" srcset=\"https:\/\/diocesisdeyoro.com\/blog\/wp-content\/uploads\/2017\/02\/corona_de_espinas-300x206.jpg 300w, https:\/\/diocesisdeyoro.com\/blog\/wp-content\/uploads\/2017\/02\/corona_de_espinas.jpg 450w\" sizes=\"auto, (max-width: 300px) 100vw, 300px\" \/><\/a>La Corona de Espinas<\/strong><\/p>\n<p style=\"text-align: justify;\">Los enemigos de Jes\u00fas lo acusaban de pretender ser rey. Como una burla le ci\u00f1eron una corona de espinas y le gritaban \u201c\u00a1Salve Rey de los Jud\u00edos!\u201d.<\/p>\n<p style=\"text-align: justify;\">Muchas veces a lo largo de nuestra vida se nos imponen coronas injustas en se\u00f1al de burla,\u00a0 Jes\u00fas la acept\u00f3 en se\u00f1al de Amor a la humanidad.<\/p>\n<p><strong>Referencia b\u00edblica: San Marcos 15, 18.<\/strong><\/p>\n<p>&nbsp;<\/p>\n<p>&nbsp;<\/p>\n<p><strong><a href=\"https:\/\/diocesisdeyoro.com\/blog\/wp-content\/uploads\/2017\/02\/rosario.jpg\"><img loading=\"lazy\" decoding=\"async\" class=\"alignleft wp-image-3453 size-full\" src=\"https:\/\/diocesisdeyoro.com\/blog\/wp-content\/uploads\/2017\/02\/rosario.jpg\" width=\"302\" height=\"492\" srcset=\"https:\/\/diocesisdeyoro.com\/blog\/wp-content\/uploads\/2017\/02\/rosario.jpg 302w, https:\/\/diocesisdeyoro.com\/blog\/wp-content\/uploads\/2017\/02\/rosario-184x300.jpg 184w\" sizes=\"auto, (max-width: 302px) 100vw, 302px\" \/><\/a>El Rosario<\/strong><\/p>\n<p style=\"text-align: justify;\">Rezar el rosario es un modo de orar sobre los misterios de Jes\u00fas, vistos desde el coraz\u00f3n de Mar\u00eda, con un esp\u00edritu de intercesi\u00f3n por la Iglesia. Es dar a Mar\u00eda un lugar en nuestra vida para seguir las ense\u00f1anzas del reino y tratar de identificarnos con Cristo para adquirir sus mismos sentimientos.<\/p>\n<p style=\"text-align: justify;\">Podemos darnos cuenta que en muchos pasajes de la biblia Mar\u00eda interced\u00eda ante Jes\u00fas y cada momento vivido lo guardaba en su coraz\u00f3n.<\/p>\n<p><strong>Referencia b\u00edblica: San Lucas 2, 51.<\/strong><\/p>\n<p>&nbsp;<\/p>\n<p>&nbsp;<\/p>\n<p>&nbsp;<\/p>\n<p>&nbsp;<\/p>\n<p>&nbsp;<\/p>\n<p>&nbsp;<\/p>\n<p>&nbsp;<\/p>\n<p>&nbsp;<\/p>\n<p><strong><a href=\"https:\/\/diocesisdeyoro.com\/blog\/wp-content\/uploads\/2017\/02\/pesca_milagrosa.jpg\"><img loading=\"lazy\" decoding=\"async\" class=\"alignleft wp-image-3454 size-medium\" src=\"https:\/\/diocesisdeyoro.com\/blog\/wp-content\/uploads\/2017\/02\/pesca_milagrosa-300x224.jpg\" width=\"300\" height=\"224\" srcset=\"https:\/\/diocesisdeyoro.com\/blog\/wp-content\/uploads\/2017\/02\/pesca_milagrosa-300x224.jpg 300w, https:\/\/diocesisdeyoro.com\/blog\/wp-content\/uploads\/2017\/02\/pesca_milagrosa.jpg 448w\" sizes=\"auto, (max-width: 300px) 100vw, 300px\" \/><\/a>La Pesca Milagrosa<\/strong><\/p>\n<p style=\"text-align: justify;\">La pesca milagrosa en la que Jes\u00fas cambia los planes de los pescadores y les muestra la eficacia de confiar en \u00e9l, tiene dos simbolismos.<\/p>\n<p style=\"text-align: justify;\">Juan enfatiza que es la presencia del Se\u00f1or la que permite cumplir con la misi\u00f3n (San Juan 21, 6).<\/p>\n<p><strong>Referencia b\u00edblica: San Lucas 5, 1-6.<\/strong><\/p>\n<p>&nbsp;<\/p>\n<p>&nbsp;<\/p>\n<p>&nbsp;<\/p>\n<p><strong><a href=\"https:\/\/diocesisdeyoro.com\/blog\/wp-content\/uploads\/2017\/02\/panes_y_peces.jpg\"><img loading=\"lazy\" decoding=\"async\" class=\"alignleft wp-image-3455\" src=\"https:\/\/diocesisdeyoro.com\/blog\/wp-content\/uploads\/2017\/02\/panes_y_peces-288x300.jpg\" width=\"301\" height=\"314\" srcset=\"https:\/\/diocesisdeyoro.com\/blog\/wp-content\/uploads\/2017\/02\/panes_y_peces-288x300.jpg 288w, https:\/\/diocesisdeyoro.com\/blog\/wp-content\/uploads\/2017\/02\/panes_y_peces-768x799.jpg 768w, https:\/\/diocesisdeyoro.com\/blog\/wp-content\/uploads\/2017\/02\/panes_y_peces.jpg 855w\" sizes=\"auto, (max-width: 301px) 100vw, 301px\" \/><\/a>Los Panes y Los Peces<\/strong><\/p>\n<p style=\"text-align: justify;\">Fueron el primer s\u00edmbolo de la Eucarist\u00eda en memoria de que al ser compartidos con la multitud, milagrosamente alcanzaron para todos y a\u00fan sobraron. De igual manera la Eucarist\u00eda alimenta a toda persona que la recibe y la motiva a compartir a Jes\u00fas y nuestros bienes con los dem\u00e1s.<\/p>\n<p><strong>Referencia b\u00edblica: San Lucas 9, 10-17.<\/strong><\/p>\n<p>&nbsp;<\/p>\n<p>&nbsp;<\/p>\n<p>&nbsp;<\/p>\n<p>&nbsp;<\/p>\n<p>&nbsp;<\/p>\n<p><strong><a href=\"https:\/\/diocesisdeyoro.com\/blog\/wp-content\/uploads\/2017\/02\/buen_pastor.jpg\"><img loading=\"lazy\" decoding=\"async\" class=\"alignleft wp-image-3456 size-medium\" src=\"https:\/\/diocesisdeyoro.com\/blog\/wp-content\/uploads\/2017\/02\/buen_pastor-296x300.jpg\" width=\"296\" height=\"300\" srcset=\"https:\/\/diocesisdeyoro.com\/blog\/wp-content\/uploads\/2017\/02\/buen_pastor-296x300.jpg 296w, https:\/\/diocesisdeyoro.com\/blog\/wp-content\/uploads\/2017\/02\/buen_pastor.jpg 356w\" sizes=\"auto, (max-width: 296px) 100vw, 296px\" \/><\/a>El Buen Pastor<\/strong><\/p>\n<p style=\"text-align: justify;\">La Imagen del Buen Pastor indica el gobierno cuidadoso y dedicado a Dios sobre el pueblo de Israel, en el Antiguo Testamento. Jes\u00fas mismo se identifica como El Buen Pastor que cuida y guia a sus ovejas (San Juan 10).<\/p>\n<p style=\"text-align: justify;\">Esta imagen nos ayuda a identificarnos como ovejas ante Jes\u00fas y nos muestra c\u00f3mo ha de ser el liderazgo cristiano.<\/p>\n<p><strong>Referencia b\u00edblica: San Lucas 15, 4-7.<\/strong><\/p>\n<p>&nbsp;<\/p>\n<p>&nbsp;<\/p>\n<p>&nbsp;<\/p>\n<p>&nbsp;<\/p>\n<p><strong><a href=\"https:\/\/diocesisdeyoro.com\/blog\/wp-content\/uploads\/2017\/02\/palmas_de_olivo.jpg\"><img loading=\"lazy\" decoding=\"async\" class=\"alignleft wp-image-3457 size-medium\" src=\"https:\/\/diocesisdeyoro.com\/blog\/wp-content\/uploads\/2017\/02\/palmas_de_olivo-300x231.jpg\" width=\"300\" height=\"231\" srcset=\"https:\/\/diocesisdeyoro.com\/blog\/wp-content\/uploads\/2017\/02\/palmas_de_olivo-300x231.jpg 300w, https:\/\/diocesisdeyoro.com\/blog\/wp-content\/uploads\/2017\/02\/palmas_de_olivo.jpg 400w\" sizes=\"auto, (max-width: 300px) 100vw, 300px\" \/><\/a>Las Palmas<\/strong><\/p>\n<p style=\"text-align: justify;\">Simboliza la vida y triunfo sobre la muerte pu\u00e9s perdura en el desierto. Al entrar Jes\u00fas en Jerusal\u00e9n, el pueblo agitaba palmas y clamaba \u00a1Hosana!, que significa \u201c\u00a1Danos la salvaci\u00f3n!\u201d, para mostrar que acog\u00eda la nueva vida que les tra\u00eda.<\/p>\n<p style=\"text-align: justify;\">Las im\u00e1genes de los M\u00e1rtires llevan una palma por su identificaci\u00f3n con Cristo.<\/p>\n<p><strong>Referencia b\u00edblica: San Juan 12, 12-13.<\/strong><\/p>\n<p>&nbsp;<\/p>\n<p>&nbsp;<\/p>\n<p>&nbsp;<\/p>\n<p><strong><a href=\"https:\/\/diocesisdeyoro.com\/blog\/wp-content\/uploads\/2017\/02\/desierto.jpg\"><img loading=\"lazy\" decoding=\"async\" class=\"alignleft wp-image-3458 size-medium\" src=\"https:\/\/diocesisdeyoro.com\/blog\/wp-content\/uploads\/2017\/02\/desierto-300x199.jpg\" width=\"300\" height=\"199\" srcset=\"https:\/\/diocesisdeyoro.com\/blog\/wp-content\/uploads\/2017\/02\/desierto-300x199.jpg 300w, https:\/\/diocesisdeyoro.com\/blog\/wp-content\/uploads\/2017\/02\/desierto.jpg 500w\" sizes=\"auto, (max-width: 300px) 100vw, 300px\" \/><\/a>El Desierto<\/strong><\/p>\n<p style=\"text-align: justify;\">Es un s\u00edmbolo de la revelaci\u00f3n clara del auxilio de Dios durante la traves\u00eda de Israel en \u00e9l. El encuentro profundo con Dios en la esterilidad y la soledad del desierto realzan la fuerza con la que Dios habla al coraz\u00f3n.<\/p>\n<p style=\"text-align: justify;\">A veces el desierto significa tentaci\u00f3n y pone a prueba nuestra fidelidad a Dios. As\u00ed como Jes\u00fas estuvo 40 dias en el desierto y fue tentado por el Diablo\u00a0\u00a0\u00a0\u00a0\u00a0\u00a0\u00a0 (San Lucas 4, 1-13)<\/p>\n<p><strong>Referencia b\u00edblica: Oseas 2, 16.<\/strong><\/p>\n<p>&nbsp;<\/p>\n<p><strong><a href=\"https:\/\/diocesisdeyoro.com\/blog\/wp-content\/uploads\/2017\/02\/lavatorio_de_los_pies.jpg\"><img loading=\"lazy\" decoding=\"async\" class=\"alignleft wp-image-3459 size-medium\" src=\"https:\/\/diocesisdeyoro.com\/blog\/wp-content\/uploads\/2017\/02\/lavatorio_de_los_pies-300x225.jpg\" width=\"300\" height=\"225\" srcset=\"https:\/\/diocesisdeyoro.com\/blog\/wp-content\/uploads\/2017\/02\/lavatorio_de_los_pies-300x225.jpg 300w, https:\/\/diocesisdeyoro.com\/blog\/wp-content\/uploads\/2017\/02\/lavatorio_de_los_pies.jpg 450w\" sizes=\"auto, (max-width: 300px) 100vw, 300px\" \/><\/a>Lavatorio De Los Pies<\/strong><\/p>\n<p style=\"text-align: justify;\">El lavatorio de pies es un hecho simb\u00f3lico m\u00e1s fuerte que las palabras. Muestra la actitud de humilde servicio que exige el cumplimiento del nuevo mandamiento del amor que d\u00e1 Jes\u00fas a sus ap\u00f3stoles (San Juan 13, 34). Tiene un relevancia especial con aquellas personas a quienes no lavariamos f+acilmente los pies.<\/p>\n<p><strong>Referencia b\u00edblica: San Juan 13, 1-17.<\/strong><\/p>\n<p>&nbsp;<\/p>\n<p>&nbsp;<\/p>\n<p>&nbsp;<\/p>\n<p><strong><a href=\"https:\/\/diocesisdeyoro.com\/blog\/wp-content\/uploads\/2017\/02\/cena_emaus.jpg\"><img loading=\"lazy\" decoding=\"async\" class=\"alignleft wp-image-3460 size-medium\" src=\"https:\/\/diocesisdeyoro.com\/blog\/wp-content\/uploads\/2017\/02\/cena_emaus-300x219.jpg\" width=\"300\" height=\"219\" srcset=\"https:\/\/diocesisdeyoro.com\/blog\/wp-content\/uploads\/2017\/02\/cena_emaus-300x219.jpg 300w, https:\/\/diocesisdeyoro.com\/blog\/wp-content\/uploads\/2017\/02\/cena_emaus.jpg 499w\" sizes=\"auto, (max-width: 300px) 100vw, 300px\" \/><\/a>La Fracci\u00f3n del Pan en Ema\u00fas<\/strong><\/p>\n<p style=\"text-align: justify;\">Simboliza la celebraci\u00f3n eucar\u00edstica con sus dos partes:<\/p>\n<p>1). La Liturgia de la Palabra.<\/p>\n<p>2). La Liturgia Eucar\u00edstica.<\/p>\n<p style=\"text-align: justify;\">Nos incorpora al sacrificio \u00fanico e irrepetible de Cristo y nos une con \u00e9l, quien nos acompa\u00f1a en nuestra vida de fe y en nuestra misi\u00f3n.<\/p>\n<p><strong>Referencia b\u00edblica: San Lucas 24, 13-35.<\/strong><\/p>\n<p>&nbsp;<\/p>\n<p><strong><a href=\"https:\/\/diocesisdeyoro.com\/blog\/wp-content\/uploads\/2017\/02\/Lanza_de_Cristo.jpg\"><img loading=\"lazy\" decoding=\"async\" class=\"alignleft wp-image-3461 size-medium\" src=\"https:\/\/diocesisdeyoro.com\/blog\/wp-content\/uploads\/2017\/02\/Lanza_de_Cristo-300x225.jpg\" width=\"300\" height=\"225\" srcset=\"https:\/\/diocesisdeyoro.com\/blog\/wp-content\/uploads\/2017\/02\/Lanza_de_Cristo-300x225.jpg 300w, https:\/\/diocesisdeyoro.com\/blog\/wp-content\/uploads\/2017\/02\/Lanza_de_Cristo.jpg 400w\" sizes=\"auto, (max-width: 300px) 100vw, 300px\" \/><\/a>La Lanzada<\/strong><\/p>\n<p style=\"text-align: justify;\">La lanzada que saca agua y sangre del coraz\u00f3n de Jes\u00fas simboliza su entrega total y la efusi\u00f3n de su esp\u00edritu.<\/p>\n<p style=\"text-align: justify;\">El agua apunta al sacramento del Bautismo, en el que Jes\u00fas nos comunica su vida divina y la sangre se\u00f1ala la Eucarist\u00eda, con la que nos alimenta en nuestro caminar hacia el Padre.<\/p>\n<p><strong>Referencia b\u00edblica: San Juan 19, 34-37.<\/strong><\/p>\n<p><strong>\u00a0<\/strong><\/p>\n<p>&nbsp;<\/p>\n<p><strong><a href=\"https:\/\/diocesisdeyoro.com\/blog\/wp-content\/uploads\/2017\/02\/san_pablo.jpg\"><img loading=\"lazy\" decoding=\"async\" class=\"alignleft wp-image-3462\" src=\"https:\/\/diocesisdeyoro.com\/blog\/wp-content\/uploads\/2017\/02\/san_pablo-243x300.jpg\" width=\"299\" height=\"369\" srcset=\"https:\/\/diocesisdeyoro.com\/blog\/wp-content\/uploads\/2017\/02\/san_pablo-243x300.jpg 243w, https:\/\/diocesisdeyoro.com\/blog\/wp-content\/uploads\/2017\/02\/san_pablo.jpg 738w\" sizes=\"auto, (max-width: 299px) 100vw, 299px\" \/><\/a>Pablo \u201cAp\u00f3stol De los Gentiles\u201d<\/strong><\/p>\n<p style=\"text-align: justify;\">Pablo fu\u00e9 una persona extraordinaria conocido por sus cartas. Era jud\u00edo y ciudadano romano hablaba arameo y griego.<\/p>\n<p style=\"text-align: justify;\">Di\u00f3s llam\u00f3 a Pablo a trav\u00e9s de una visi\u00f3n cuando iba rumbo a Damasco en persecusi\u00f3n de los cristianos (Hechos 9, 1-9). Su conversi\u00f3n fu\u00e9 total y lleg\u00f3 hasta lo m\u00e1s profundo de su ser.<\/p>\n<p style=\"text-align: justify;\">Realiz\u00f3 tres viajes misioneros y uno como prisionero. Tuvo un rol muy importante en el desarrollo y expansi\u00f3n inicial de la iglesia.<\/p>\n<p><strong>Referencia b\u00edblica: Hechos 8, 1-3.<\/strong><\/p>\n<\/div>\n<p>&nbsp;<\/p>\n<p>&nbsp;<\/p>\n<div class=\"entry clearfix\">\n<p><strong><a href=\"https:\/\/diocesisdeyoro.com\/blog\/wp-content\/uploads\/2017\/02\/pentecostes.jpg\"><img loading=\"lazy\" decoding=\"async\" class=\"alignleft wp-image-3463\" src=\"https:\/\/diocesisdeyoro.com\/blog\/wp-content\/uploads\/2017\/02\/pentecostes.jpg\" width=\"301\" height=\"463\" srcset=\"https:\/\/diocesisdeyoro.com\/blog\/wp-content\/uploads\/2017\/02\/pentecostes.jpg 384w, https:\/\/diocesisdeyoro.com\/blog\/wp-content\/uploads\/2017\/02\/pentecostes-195x300.jpg 195w\" sizes=\"auto, (max-width: 301px) 100vw, 301px\" \/><\/a>Pentecost\u00e9s<\/strong><\/p>\n<p style=\"text-align: justify;\">Era una fiesta jud\u00eda que ten\u00eda lugar 50 d\u00edas despu\u00e9s de la Pascua y en ella se celebraba la alianza con Dios en el Sina\u00ed. Muchos jud\u00edos iban en peregrinaci\u00f3n a Jerusal\u00e9n a realizarla y fortalecer su esperanza en la promesa divina de que Israel ser\u00eda para siempre el pueblo de Dios <strong>(Exodo 19, 1-8)<\/strong>.<\/p>\n<p style=\"text-align: justify;\">Este dia Dios renov\u00f3 su alianza de una manera muy especial, envi\u00f3 El Esp\u00edritu Santo sobre los ap\u00f3stoles para que pudieran continuar la misi\u00f3n de Jes\u00fas.<\/p>\n<p style=\"text-align: justify;\">Por eso en Pentecost\u00e9s los cristianos conmemoramos el nacimiento de la iglesia y la unidad de todos los cristianos que viven y expresan su fe hoy en d\u00eda.<\/p>\n<p><strong>Referencia b\u00edblica: Hechos 2, 1-13.<\/strong><\/p>\n<p>&nbsp;<\/p>\n<\/div>\n<div class=\"entry clearfix\">\n<p>&nbsp;<\/p>\n<p><strong><a href=\"https:\/\/diocesisdeyoro.com\/blog\/wp-content\/uploads\/2017\/02\/cirio_pascual.jpg\"><img loading=\"lazy\" decoding=\"async\" class=\"alignleft wp-image-3464\" src=\"https:\/\/diocesisdeyoro.com\/blog\/wp-content\/uploads\/2017\/02\/cirio_pascual-211x300.jpg\" width=\"316\" height=\"449\" srcset=\"https:\/\/diocesisdeyoro.com\/blog\/wp-content\/uploads\/2017\/02\/cirio_pascual-211x300.jpg 211w, https:\/\/diocesisdeyoro.com\/blog\/wp-content\/uploads\/2017\/02\/cirio_pascual.jpg 541w\" sizes=\"auto, (max-width: 316px) 100vw, 316px\" \/><\/a><\/strong><strong>El Cirio Pascual<\/strong><\/p>\n<p style=\"text-align: justify;\">Es s\u00edmbolo de Cristo resucitado, la cruz inscrita y los granos de incienso evocan su muerte y sus llagas.<\/p>\n<p style=\"text-align: justify;\">Las letras alfa y omega, que sifnifican \u201cprincipio\u201d y \u201cfin\u201d, y el a\u00f1o en curso, lo se\u00f1alan como Se\u00f1or de la historia. La llama encendida de fuego nuevo, representa a Cristo glorioso que ilumina a los cryentes. Ver Vigilia Pacual (San Juan 20)<\/p>\n<p><strong>Referencia b\u00edblica: 1 Corintios 15, 19-20.<\/strong><\/p>\n<\/div>\n<p>&nbsp;<\/p>\n<div class=\"entry clearfix\">\n<p><strong><a href=\"https:\/\/diocesisdeyoro.com\/blog\/wp-content\/uploads\/2017\/02\/santisima_trinidad.jpg\"><img loading=\"lazy\" decoding=\"async\" class=\"alignleft wp-image-3465\" src=\"https:\/\/diocesisdeyoro.com\/blog\/wp-content\/uploads\/2017\/02\/santisima_trinidad-225x300.jpg\" width=\"302\" height=\"402\" srcset=\"https:\/\/diocesisdeyoro.com\/blog\/wp-content\/uploads\/2017\/02\/santisima_trinidad-225x300.jpg 225w, https:\/\/diocesisdeyoro.com\/blog\/wp-content\/uploads\/2017\/02\/santisima_trinidad.jpg 480w\" sizes=\"auto, (max-width: 302px) 100vw, 302px\" \/><\/a><\/strong><strong>La Sant\u00edsima Trinidad<\/strong><\/p>\n<p style=\"text-align: justify;\">Jes\u00fas nos revel\u00f3 al Padre y envi\u00f3 el Esp\u00edritu Santo. Pablo saluda en nombre de la trinidad. Padre, Hijo y Esp\u00edritu Santo, y el Bautismo se administra en nombre de las tres personas.<\/p>\n<p><strong>Referencia b\u00edblica: 2 Corintios 13, 13.<\/strong><\/p>\n<p>&nbsp;<\/p>\n<p>&nbsp;<\/p>\n<\/div>\n<div class=\"entry clearfix\">\n<div class=\"entry clearfix\">\n<p><a href=\"https:\/\/diocesisdeyoro.com\/blog\/wp-content\/uploads\/2017\/02\/Cordero_de_Dios.jpg\"><img loading=\"lazy\" decoding=\"async\" class=\"alignleft wp-image-3466\" src=\"https:\/\/diocesisdeyoro.com\/blog\/wp-content\/uploads\/2017\/02\/Cordero_de_Dios.jpg\" width=\"302\" height=\"445\" srcset=\"https:\/\/diocesisdeyoro.com\/blog\/wp-content\/uploads\/2017\/02\/Cordero_de_Dios.jpg 257w, https:\/\/diocesisdeyoro.com\/blog\/wp-content\/uploads\/2017\/02\/Cordero_de_Dios-203x300.jpg 203w\" sizes=\"auto, (max-width: 302px) 100vw, 302px\" \/><\/a><strong>El Cordero de Dios<\/strong><\/p>\n<p style=\"text-align: justify;\">El Cordero evoca al cordero pascual de la liberaci\u00f3n. Est\u00e1 degollado como el cordero manso ofrecido en expiaci\u00f3n por los pecados pero est\u00e1 de pie y con cuernos o con rayos de luz que anuncian su victoria.<\/p>\n<p style=\"text-align: justify;\">Sus siete ojos revelan su se\u00f1or\u00edo sobre el mundo y la banderola con la cruz y el aleluya su triunfo sobre el pecado.<\/p>\n<p><strong>Referencia b\u00edblica: Apocalipsis 5, 6.<\/strong><\/p>\n<\/div>\n<p>&nbsp;<\/p>\n<p>&nbsp;<\/p>\n<h2 style=\"text-align: left;\"><strong>Deseas ver m\u00e1s?<\/strong><\/h2>\n<ol>\n<li>\n<h3><strong><a href=\"https:\/\/diocesisdeyoro.com\/blog\/?page_id=3427\">Antiguo Testamento<\/a><\/strong><\/h3>\n<\/li>\n<li>\n<h3><a href=\"https:\/\/diocesisdeyoro.com\/blog\/?page_id=3476\">Liturgia<\/a><\/h3>\n<\/li>\n<\/ol>\n<\/div>\n","protected":false},"excerpt":{"rendered":"<p>Juan El Bautista Viv\u00eda en el desierto, vest\u00eda de piel de camello atada con una correa de cuero, com\u00eda saltamontes y miel silvestre. (San Marcos 1, 6). Isa\u00edas lo presenta &hellip; <a class=\"readmore\" href=\"https:\/\/diocesisdeyoro.com\/blog\/?page_id=3445\">Seguir leyendo &rarr;<\/a><\/p>\n","protected":false},"author":1,"featured_media":0,"parent":3423,"menu_order":2,"comment_status":"closed","ping_status":"closed","template":"page-template-full.php","meta":{"_themeisle_gutenberg_block_has_review":false,"footnotes":""},"class_list":["post-3445","page","type-page","status-publish","hentry"],"_links":{"self":[{"href":"https:\/\/diocesisdeyoro.com\/blog\/index.php?rest_route=\/wp\/v2\/pages\/3445","targetHints":{"allow":["GET"]}}],"collection":[{"href":"https:\/\/diocesisdeyoro.com\/blog\/index.php?rest_route=\/wp\/v2\/pages"}],"about":[{"href":"https:\/\/diocesisdeyoro.com\/blog\/index.php?rest_route=\/wp\/v2\/types\/page"}],"author":[{"embeddable":true,"href":"https:\/\/diocesisdeyoro.com\/blog\/index.php?rest_route=\/wp\/v2\/users\/1"}],"replies":[{"embeddable":true,"href":"https:\/\/diocesisdeyoro.com\/blog\/index.php?rest_route=%2Fwp%2Fv2%2Fcomments&post=3445"}],"version-history":[{"count":20,"href":"https:\/\/diocesisdeyoro.com\/blog\/index.php?rest_route=\/wp\/v2\/pages\/3445\/revisions"}],"predecessor-version":[{"id":3739,"href":"https:\/\/diocesisdeyoro.com\/blog\/index.php?rest_route=\/wp\/v2\/pages\/3445\/revisions\/3739"}],"up":[{"embeddable":true,"href":"https:\/\/diocesisdeyoro.com\/blog\/index.php?rest_route=\/wp\/v2\/pages\/3423"}],"wp:attachment":[{"href":"https:\/\/diocesisdeyoro.com\/blog\/index.php?rest_route=%2Fwp%2Fv2%2Fmedia&parent=3445"}],"curies":[{"name":"wp","href":"https:\/\/api.w.org\/{rel}","templated":true}]}}