{"id":3476,"date":"2017-02-17T11:24:15","date_gmt":"2017-02-17T17:24:15","guid":{"rendered":"http:\/\/diocesisdeyoro.com\/blog\/?page_id=3476"},"modified":"2017-03-02T14:40:44","modified_gmt":"2017-03-02T20:40:44","slug":"liturgia","status":"publish","type":"page","link":"https:\/\/diocesisdeyoro.com\/blog\/?page_id=3476","title":{"rendered":"Liturgia"},"content":{"rendered":"<div class=\"entry clearfix\">\n<h2 style=\"text-align: center;\"><strong><span style=\"color: #ff0000;\">Elementos Lit\u00fargicos<\/span><\/strong><\/h2>\n<p><strong>\u00a0<\/strong><\/p>\n<h2 style=\"text-align: center;\"><strong><a href=\"https:\/\/diocesisdeyoro.com\/blog\/wp-content\/uploads\/2017\/02\/vestiduras.jpg\"><img loading=\"lazy\" decoding=\"async\" class=\"alignleft wp-image-3492 size-full\" src=\"https:\/\/diocesisdeyoro.com\/blog\/wp-content\/uploads\/2017\/02\/vestiduras.jpg\" width=\"416\" height=\"498\" srcset=\"https:\/\/diocesisdeyoro.com\/blog\/wp-content\/uploads\/2017\/02\/vestiduras.jpg 416w, https:\/\/diocesisdeyoro.com\/blog\/wp-content\/uploads\/2017\/02\/vestiduras-251x300.jpg 251w\" sizes=\"auto, (max-width: 416px) 100vw, 416px\" \/><\/a><\/strong><\/h2>\n<p><strong>Estola<\/strong><\/p>\n<p style=\"text-align: justify;\">Banda larga de tela del color correspondiente al oficio que se celebra. El obispo y el presb\u00edtero se la colocan sobre los hombros y espalda, de modo que cae por delante en dos bandas paralelas. El di\u00e1cono la viste en forma cruzada, sobre el hombro izquierdo y sujetas las dos puntas en el costado derecho.<\/p>\n<p style=\"text-align: justify;\"><strong>C\u00edngulo<\/strong><\/p>\n<p style=\"text-align: justify;\">Cord\u00f3n blanco destinado a sujetar el alba por la cintura.<\/p>\n<p style=\"text-align: justify;\"><strong>Casulla<\/strong><\/p>\n<p style=\"text-align: justify;\">Es una especie de poncho que se utiliza encima del alba y la estola, utilizada por el obispo y los presb\u00edteros. <strong>Alba<\/strong> T\u00fanica blanca que cubre el cuerpo desde el cuello a los tobillos.<\/p>\n<p style=\"text-align: justify;\"><strong>Pa\u00f1o Humeral<\/strong><\/p>\n<p style=\"text-align: justify;\">Pa\u00f1o de forma rectangular que el presb\u00edtero se coloca sobre la espalda tomando con los extremos la custodia en las procesiones con el sant\u00edsimo y adoraciones.<\/p>\n<\/div>\n<div class=\"entry clearfix\">\n<h2 style=\"text-align: center;\"><span style=\"color: #ff0000;\"><b>Vasos Sagrados y Accesorios<\/b><\/span><\/h2>\n<p style=\"text-align: justify;\"><a href=\"https:\/\/diocesisdeyoro.com\/blog\/wp-content\/uploads\/2017\/02\/elementoslt.jpg\"><img loading=\"lazy\" decoding=\"async\" class=\"alignleft wp-image-3493 size-full\" src=\"https:\/\/diocesisdeyoro.com\/blog\/wp-content\/uploads\/2017\/02\/elementoslt.jpg\" width=\"344\" height=\"299\" srcset=\"https:\/\/diocesisdeyoro.com\/blog\/wp-content\/uploads\/2017\/02\/elementoslt.jpg 344w, https:\/\/diocesisdeyoro.com\/blog\/wp-content\/uploads\/2017\/02\/elementoslt-300x261.jpg 300w\" sizes=\"auto, (max-width: 344px) 100vw, 344px\" \/><\/a><strong>Corporal<\/strong><\/p>\n<p style=\"text-align: justify;\">Lienzo cuadrado que se extiende en el centro del altar y sobre el cual se depositan el c\u00e1liz y la patena o el cop\u00f3n.<\/p>\n<p style=\"text-align: justify;\"><strong>Palia<\/strong><\/p>\n<p style=\"text-align: justify;\">Pa\u00f1o almidonado para tapar el c\u00e1liz y la patena.<\/p>\n<p style=\"text-align: justify;\"><strong>Hostia<\/strong><\/p>\n<p style=\"text-align: justify;\">Pedazo de pan sin levadura que se convertir\u00e1 en cuerpo de Cristo.<\/p>\n<p style=\"text-align: justify;\"><strong>Patena<\/strong><\/p>\n<p style=\"text-align: justify;\">Plato en el que se colocan las hostias durante la Misa.<\/p>\n<p style=\"text-align: justify;\"><strong>Purificador<\/strong><\/p>\n<p style=\"text-align: justify;\">Peque\u00f1o pa\u00f1o blanco para limpiar el c\u00e1liz, la patena y el cop\u00f3n.<\/p>\n<p style=\"text-align: justify;\"><strong>Caliz<\/strong><\/p>\n<p style=\"text-align: justify;\">Copa en la que se pone el vino que luego ser\u00e1 Sangre de Cristo.<\/p>\n<p style=\"text-align: justify;\"><strong>Cop\u00f3n<\/strong><\/p>\n<p style=\"text-align: justify;\">Recipiente destinado a colocar las hostias cuando se utilizan en gran n\u00famero.<\/p>\n<h2 style=\"text-align: center;\"><\/h2>\n<h2 style=\"text-align: center;\"><span style=\"color: #ff0000;\"><b>Accesorios Sagrados<\/b><\/span><\/h2>\n<p style=\"text-align: justify;\"><a href=\"https:\/\/diocesisdeyoro.com\/blog\/wp-content\/uploads\/2017\/02\/custodia.jpg\"><img loading=\"lazy\" decoding=\"async\" class=\"alignleft wp-image-3494 size-full\" src=\"https:\/\/diocesisdeyoro.com\/blog\/wp-content\/uploads\/2017\/02\/custodia.jpg\" width=\"240\" height=\"446\" srcset=\"https:\/\/diocesisdeyoro.com\/blog\/wp-content\/uploads\/2017\/02\/custodia.jpg 240w, https:\/\/diocesisdeyoro.com\/blog\/wp-content\/uploads\/2017\/02\/custodia-161x300.jpg 161w\" sizes=\"auto, (max-width: 240px) 100vw, 240px\" \/><\/a><strong>Custodia u Ostensorio\u00a0 <\/strong><\/p>\n<p style=\"text-align: justify;\">Elemento en el cual se pone la hostia consagrada para ser expuesta a la adoraci\u00f3n de los fieles.<\/p>\n<\/div>\n<div class=\"entry clearfix\">\n<p style=\"text-align: justify;\"><strong><a href=\"https:\/\/diocesisdeyoro.com\/blog\/wp-content\/uploads\/2017\/02\/viril.jpg\"><img loading=\"lazy\" decoding=\"async\" class=\"alignleft wp-image-3495 size-medium\" src=\"https:\/\/diocesisdeyoro.com\/blog\/wp-content\/uploads\/2017\/02\/viril-277x300.jpg\" width=\"277\" height=\"300\" srcset=\"https:\/\/diocesisdeyoro.com\/blog\/wp-content\/uploads\/2017\/02\/viril-277x300.jpg 277w, https:\/\/diocesisdeyoro.com\/blog\/wp-content\/uploads\/2017\/02\/viril.jpg 512w\" sizes=\"auto, (max-width: 277px) 100vw, 277px\" \/><\/a>Viril<\/strong><\/p>\n<p style=\"text-align: justify;\">Elemento de sost\u00e9n para la hostia dentro de la custodia.<\/p>\n<\/div>\n<div class=\"entry clearfix\">\n<p style=\"text-align: justify;\"><a href=\"https:\/\/diocesisdeyoro.com\/blog\/wp-content\/uploads\/2017\/02\/manutergio.jpg\"><img loading=\"lazy\" decoding=\"async\" class=\"alignleft wp-image-3496\" src=\"https:\/\/diocesisdeyoro.com\/blog\/wp-content\/uploads\/2017\/02\/manutergio-300x169.jpg\" width=\"302\" height=\"170\" srcset=\"https:\/\/diocesisdeyoro.com\/blog\/wp-content\/uploads\/2017\/02\/manutergio-300x169.jpg 300w, https:\/\/diocesisdeyoro.com\/blog\/wp-content\/uploads\/2017\/02\/manutergio-768x434.jpg 768w, https:\/\/diocesisdeyoro.com\/blog\/wp-content\/uploads\/2017\/02\/manutergio-1024x578.jpg 1024w, https:\/\/diocesisdeyoro.com\/blog\/wp-content\/uploads\/2017\/02\/manutergio.jpg 1232w\" sizes=\"auto, (max-width: 302px) 100vw, 302px\" \/><\/a><strong>Manutergio<\/strong><\/p>\n<p style=\"text-align: justify;\">Peque\u00f1o pa\u00f1o donde el presb\u00edtero se seca las manos luego de lav\u00e1rselas.<\/p>\n<\/div>\n<div class=\"entry clearfix\">\n<p style=\"text-align: justify;\"><a href=\"https:\/\/diocesisdeyoro.com\/blog\/wp-content\/uploads\/2017\/02\/crismeras.jpg\"><img loading=\"lazy\" decoding=\"async\" class=\"alignleft wp-image-3497\" src=\"https:\/\/diocesisdeyoro.com\/blog\/wp-content\/uploads\/2017\/02\/crismeras-300x231.jpg\" width=\"308\" height=\"237\" srcset=\"https:\/\/diocesisdeyoro.com\/blog\/wp-content\/uploads\/2017\/02\/crismeras-300x231.jpg 300w, https:\/\/diocesisdeyoro.com\/blog\/wp-content\/uploads\/2017\/02\/crismeras.jpg 472w\" sizes=\"auto, (max-width: 308px) 100vw, 308px\" \/><\/a><strong>Crismeras<\/strong><\/p>\n<p style=\"text-align: justify;\">Vasos donde se colocan los santos \u00f3leos: de los catec\u00famenos, de los enfermos (Bautismo y unci\u00f3n de los enfermos) y Santo crisma (perfumado, para Bautismo, Confirmaci\u00f3n y Orden Sagrado).<\/p>\n<\/div>\n<div class=\"entry clearfix\">\n<p style=\"text-align: justify;\"><strong><a href=\"https:\/\/diocesisdeyoro.com\/blog\/wp-content\/uploads\/2017\/02\/vinajeras.jpg\"><img loading=\"lazy\" decoding=\"async\" class=\"alignleft wp-image-3498\" src=\"https:\/\/diocesisdeyoro.com\/blog\/wp-content\/uploads\/2017\/02\/vinajeras.jpg\" width=\"307\" height=\"291\" srcset=\"https:\/\/diocesisdeyoro.com\/blog\/wp-content\/uploads\/2017\/02\/vinajeras.jpg 400w, https:\/\/diocesisdeyoro.com\/blog\/wp-content\/uploads\/2017\/02\/vinajeras-300x284.jpg 300w\" sizes=\"auto, (max-width: 307px) 100vw, 307px\" \/><\/a>Vinajeras<\/strong><\/p>\n<p style=\"text-align: justify;\">Recipientes para el vino y el agua para la Misa.<\/p>\n<\/div>\n<div class=\"entry clearfix\">\n<p style=\"text-align: justify;\"><strong><a href=\"https:\/\/diocesisdeyoro.com\/blog\/wp-content\/uploads\/2017\/02\/acetre.jpg\"><img loading=\"lazy\" decoding=\"async\" class=\"alignleft wp-image-3499\" src=\"https:\/\/diocesisdeyoro.com\/blog\/wp-content\/uploads\/2017\/02\/acetre.jpg\" width=\"300\" height=\"340\" srcset=\"https:\/\/diocesisdeyoro.com\/blog\/wp-content\/uploads\/2017\/02\/acetre.jpg 353w, https:\/\/diocesisdeyoro.com\/blog\/wp-content\/uploads\/2017\/02\/acetre-265x300.jpg 265w\" sizes=\"auto, (max-width: 300px) 100vw, 300px\" \/><\/a>Acetre<\/strong><\/p>\n<p style=\"text-align: justify;\">Recipiente para el agua de las bendiciones.<\/p>\n<\/div>\n<div class=\"entry clearfix\">\n<p style=\"text-align: justify;\"><a href=\"https:\/\/diocesisdeyoro.com\/blog\/wp-content\/uploads\/2017\/02\/hisopo.jpg\"><img loading=\"lazy\" decoding=\"async\" class=\"alignleft wp-image-3500\" src=\"https:\/\/diocesisdeyoro.com\/blog\/wp-content\/uploads\/2017\/02\/hisopo.jpg\" width=\"304\" height=\"344\" srcset=\"https:\/\/diocesisdeyoro.com\/blog\/wp-content\/uploads\/2017\/02\/hisopo.jpg 353w, https:\/\/diocesisdeyoro.com\/blog\/wp-content\/uploads\/2017\/02\/hisopo-265x300.jpg 265w\" sizes=\"auto, (max-width: 304px) 100vw, 304px\" \/><\/a><strong>Hisopo<\/strong><\/p>\n<p style=\"text-align: justify;\">Similar a una bombilla de mate (puede utilizarse una ramita) se utiliza con el acetre donde recibe el agua que ser\u00e1 asperjada (salpicada).<\/p>\n<\/div>\n<div class=\"entry clearfix\">\n<p style=\"text-align: justify;\"><strong><a href=\"https:\/\/diocesisdeyoro.com\/blog\/wp-content\/uploads\/2017\/02\/incensario.jpg\"><img loading=\"lazy\" decoding=\"async\" class=\"alignleft wp-image-3501\" src=\"https:\/\/diocesisdeyoro.com\/blog\/wp-content\/uploads\/2017\/02\/incensario.jpg\" width=\"304\" height=\"269\" srcset=\"https:\/\/diocesisdeyoro.com\/blog\/wp-content\/uploads\/2017\/02\/incensario.jpg 400w, https:\/\/diocesisdeyoro.com\/blog\/wp-content\/uploads\/2017\/02\/incensario-300x266.jpg 300w\" sizes=\"auto, (max-width: 304px) 100vw, 304px\" \/><\/a>Incensario o tur\u00edbulo<\/strong><\/p>\n<p style=\"text-align: justify;\">Recipiente donde se colocan brasas e incienso.<\/p>\n<\/div>\n<div class=\"entry clearfix\">\n<p style=\"text-align: justify;\"><a href=\"https:\/\/diocesisdeyoro.com\/blog\/wp-content\/uploads\/2017\/02\/naveta.jpg\"><img loading=\"lazy\" decoding=\"async\" class=\"alignleft wp-image-3502\" src=\"https:\/\/diocesisdeyoro.com\/blog\/wp-content\/uploads\/2017\/02\/naveta.jpg\" width=\"304\" height=\"302\" srcset=\"https:\/\/diocesisdeyoro.com\/blog\/wp-content\/uploads\/2017\/02\/naveta.jpg 400w, https:\/\/diocesisdeyoro.com\/blog\/wp-content\/uploads\/2017\/02\/naveta-150x150.jpg 150w\" sizes=\"auto, (max-width: 304px) 100vw, 304px\" \/><\/a><\/p>\n<p style=\"text-align: justify;\"><strong>Navet<\/strong><strong>a<\/strong><\/p>\n<p style=\"text-align: justify;\">Recipiente donde se guarda el incienso.<\/p>\n<\/div>\n<div class=\"entry clearfix\">\n<h2 style=\"text-align: center;\"><strong><span style=\"color: #ff0000;\">Libros Sagrados\u00a0<\/span> <\/strong><\/h2>\n<p style=\"text-align: justify;\"><strong><a href=\"https:\/\/diocesisdeyoro.com\/blog\/wp-content\/uploads\/2017\/02\/misal.jpg\"><img loading=\"lazy\" decoding=\"async\" class=\"alignleft wp-image-3503 size-full\" src=\"https:\/\/diocesisdeyoro.com\/blog\/wp-content\/uploads\/2017\/02\/misal.jpg\" width=\"327\" height=\"375\" srcset=\"https:\/\/diocesisdeyoro.com\/blog\/wp-content\/uploads\/2017\/02\/misal.jpg 327w, https:\/\/diocesisdeyoro.com\/blog\/wp-content\/uploads\/2017\/02\/misal-262x300.jpg 262w\" sizes=\"auto, (max-width: 327px) 100vw, 327px\" \/><\/a><\/strong><\/p>\n<p style=\"text-align: justify;\"><strong>Misal<\/strong><\/p>\n<p style=\"text-align: justify;\">Contiene el texto utilizado por el presidente.<\/p>\n<\/div>\n<div class=\"entry clearfix\">\n<p style=\"text-align: justify;\"><strong><a href=\"https:\/\/diocesisdeyoro.com\/blog\/wp-content\/uploads\/2017\/02\/leccionario.jpg\"><img loading=\"lazy\" decoding=\"async\" class=\"alignleft wp-image-3504 size-medium\" src=\"https:\/\/diocesisdeyoro.com\/blog\/wp-content\/uploads\/2017\/02\/leccionario-300x293.jpg\" width=\"300\" height=\"293\" srcset=\"https:\/\/diocesisdeyoro.com\/blog\/wp-content\/uploads\/2017\/02\/leccionario-300x293.jpg 300w, https:\/\/diocesisdeyoro.com\/blog\/wp-content\/uploads\/2017\/02\/leccionario-768x749.jpg 768w, https:\/\/diocesisdeyoro.com\/blog\/wp-content\/uploads\/2017\/02\/leccionario.jpg 1000w\" sizes=\"auto, (max-width: 300px) 100vw, 300px\" \/><\/a>Leccionario<\/strong><\/p>\n<p style=\"text-align: justify;\">Libro con las lecturas b\u00edblicas para la Misa.<\/p>\n<p style=\"text-align: justify;\"><strong>Libro del Salmista<\/strong><\/p>\n<p style=\"text-align: justify;\">Contiene los salmos responsoriales.<\/p>\n<p style=\"text-align: justify;\"><strong>Cantatorio<\/strong><\/p>\n<p style=\"text-align: justify;\">Contiene los cantos de la Misa. Originalmente se trataba de cantos en lat\u00edn y m\u00fasica en gregoriano. Los cantos deben estar autorizados por las Conferencias Episcopales. En la actualidad han sido reemplazados por los cancioneros.<\/p>\n<p style=\"text-align: justify;\"><strong>Rituales<\/strong><\/p>\n<p style=\"text-align: justify;\">Contiene el desarrollo de los sacramentos.<\/p>\n<h2 style=\"text-align: center;\"><\/h2>\n<h2 style=\"text-align: center;\"><strong><span style=\"color: #ff0000;\">S\u00edmbolos Episcopales<\/span>\u00a0 <\/strong><\/h2>\n<p style=\"text-align: justify;\"><a href=\"https:\/\/diocesisdeyoro.com\/blog\/wp-content\/uploads\/2017\/02\/mitra.jpg\"><img loading=\"lazy\" decoding=\"async\" class=\"alignleft wp-image-3505 size-medium\" src=\"https:\/\/diocesisdeyoro.com\/blog\/wp-content\/uploads\/2017\/02\/mitra-188x300.jpg\" width=\"188\" height=\"300\" srcset=\"https:\/\/diocesisdeyoro.com\/blog\/wp-content\/uploads\/2017\/02\/mitra-188x300.jpg 188w, https:\/\/diocesisdeyoro.com\/blog\/wp-content\/uploads\/2017\/02\/mitra-768x1224.jpg 768w, https:\/\/diocesisdeyoro.com\/blog\/wp-content\/uploads\/2017\/02\/mitra-643x1024.jpg 643w, https:\/\/diocesisdeyoro.com\/blog\/wp-content\/uploads\/2017\/02\/mitra.jpg 861w\" sizes=\"auto, (max-width: 188px) 100vw, 188px\" \/><\/a><strong>La Mitra<\/strong><\/p>\n<p style=\"text-align: justify;\">Gorro compuesto por dos secciones triangulares r\u00edgidas unidas entre s\u00ed por un doblez; de la cara posterior penden dos cintas llamadas \u00ednfulas. Ornamenta as\u00ed su cabeza para significar que representa a Aquel que es Cabeza del pueblo de Dios.<\/p>\n<\/div>\n<div class=\"entry clearfix\">\n<p style=\"text-align: justify;\"><a href=\"https:\/\/diocesisdeyoro.com\/blog\/wp-content\/uploads\/2017\/02\/baculo.jpg\"><img loading=\"lazy\" decoding=\"async\" class=\"alignleft wp-image-3506\" src=\"https:\/\/diocesisdeyoro.com\/blog\/wp-content\/uploads\/2017\/02\/baculo-115x300.jpg\" width=\"179\" height=\"467\" \/><\/a><strong>El B\u00e1culo<\/strong><\/p>\n<p style=\"text-align: justify;\">Es un bast\u00f3n largo (palo o cayado donde apoyarse), que recuerda que el obispo es el pastor de la di\u00f3cesis, imagen del Buen Pastor, JesuCristo.<\/p>\n<\/div>\n<div class=\"entry clearfix\">\n<p style=\"text-align: justify;\"><strong><a href=\"https:\/\/diocesisdeyoro.com\/blog\/wp-content\/uploads\/2017\/02\/anillo.jpg\"><img loading=\"lazy\" decoding=\"async\" class=\"alignleft wp-image-3507 size-medium\" src=\"https:\/\/diocesisdeyoro.com\/blog\/wp-content\/uploads\/2017\/02\/anillo-300x236.jpg\" width=\"300\" height=\"236\" srcset=\"https:\/\/diocesisdeyoro.com\/blog\/wp-content\/uploads\/2017\/02\/anillo-300x236.jpg 300w, https:\/\/diocesisdeyoro.com\/blog\/wp-content\/uploads\/2017\/02\/anillo-768x603.jpg 768w, https:\/\/diocesisdeyoro.com\/blog\/wp-content\/uploads\/2017\/02\/anillo-1024x804.jpg 1024w, https:\/\/diocesisdeyoro.com\/blog\/wp-content\/uploads\/2017\/02\/anillo.jpg 1628w\" sizes=\"auto, (max-width: 300px) 100vw, 300px\" \/><\/a>El Anillo<\/strong><\/p>\n<p style=\"text-align: justify;\">Signo de la fidelidad y del amor del obispo a la Iglesia.<\/p>\n<\/div>\n<div class=\"entry clearfix\">\n<p style=\"text-align: justify;\"><strong><a href=\"https:\/\/diocesisdeyoro.com\/blog\/wp-content\/uploads\/2017\/02\/cruzpectoral.jpg\"><img loading=\"lazy\" decoding=\"async\" class=\"alignleft wp-image-3508 size-medium\" src=\"https:\/\/diocesisdeyoro.com\/blog\/wp-content\/uploads\/2017\/02\/cruzpectoral-121x300.jpg\" width=\"121\" height=\"300\" srcset=\"https:\/\/diocesisdeyoro.com\/blog\/wp-content\/uploads\/2017\/02\/cruzpectoral-121x300.jpg 121w, https:\/\/diocesisdeyoro.com\/blog\/wp-content\/uploads\/2017\/02\/cruzpectoral.jpg 163w\" sizes=\"auto, (max-width: 121px) 100vw, 121px\" \/><\/a>La Cruz Pectoral<\/strong><\/p>\n<p style=\"text-align: justify;\">Es una cruz que cuelga sobre el pecho mediante una cadena alrededor del cuello.<\/p>\n<\/div>\n<div class=\"entry clearfix\">\n<p style=\"text-align: justify;\"><a href=\"https:\/\/diocesisdeyoro.com\/blog\/wp-content\/uploads\/2017\/02\/solideo.jpg\"><img loading=\"lazy\" decoding=\"async\" class=\"alignleft wp-image-3509 size-medium\" src=\"https:\/\/diocesisdeyoro.com\/blog\/wp-content\/uploads\/2017\/02\/solideo-300x275.jpg\" width=\"300\" height=\"275\" srcset=\"https:\/\/diocesisdeyoro.com\/blog\/wp-content\/uploads\/2017\/02\/solideo-300x275.jpg 300w, https:\/\/diocesisdeyoro.com\/blog\/wp-content\/uploads\/2017\/02\/solideo-768x703.jpg 768w, https:\/\/diocesisdeyoro.com\/blog\/wp-content\/uploads\/2017\/02\/solideo-1024x938.jpg 1024w, https:\/\/diocesisdeyoro.com\/blog\/wp-content\/uploads\/2017\/02\/solideo.jpg 1600w\" sizes=\"auto, (max-width: 300px) 100vw, 300px\" \/><\/a><strong>Solideo<\/strong><\/p>\n<p style=\"text-align: justify;\">(a Dios solo; porque se quita solo ante el Sant\u00edsimo). Casquete, generalmente de seda que pueden usar los sacerdotes (solideo negro), usan los obispos (solideo Morado), Los Cardenales (Solideo Purpura) y el Papa (Solideo Blanco).<\/p>\n<\/div>\n<div class=\"entry clearfix\">\n<p style=\"text-align: justify;\"><a href=\"https:\/\/diocesisdeyoro.com\/blog\/wp-content\/uploads\/2017\/02\/palio.jpg\"><img loading=\"lazy\" decoding=\"async\" class=\"alignleft wp-image-3510 size-medium\" src=\"https:\/\/diocesisdeyoro.com\/blog\/wp-content\/uploads\/2017\/02\/palio-225x300.jpg\" width=\"225\" height=\"300\" srcset=\"https:\/\/diocesisdeyoro.com\/blog\/wp-content\/uploads\/2017\/02\/palio-225x300.jpg 225w, https:\/\/diocesisdeyoro.com\/blog\/wp-content\/uploads\/2017\/02\/palio-768x1024.jpg 768w, https:\/\/diocesisdeyoro.com\/blog\/wp-content\/uploads\/2017\/02\/palio.jpg 1200w\" sizes=\"auto, (max-width: 225px) 100vw, 225px\" \/><\/a><strong>El Palio<\/strong><\/p>\n<p style=\"text-align: justify;\">Peque\u00f1a estola de lana blanca con seis cruces negras a su alrededor que reposa sobre los hombros de los arzobispos y que es signo de su autoridad y de su comuni\u00f3n con la sede de Roma, se pone sobre la casulla.<\/p>\n<\/div>\n<h2 style=\"text-align: center;\"><strong>\u00bfDeseas ver m\u00e1s?<\/strong><\/h2>\n<ol>\n<li style=\"text-align: justify;\">\n<h3><a href=\"https:\/\/diocesisdeyoro.com\/blog\/?page_id=3427\">Antiguo Testamento<\/a><\/h3>\n<\/li>\n<li style=\"text-align: justify;\">\n<h3><a href=\"https:\/\/diocesisdeyoro.com\/blog\/?page_id=3445\">Nuevo Testamento<\/a><\/h3>\n<\/li>\n<\/ol>\n","protected":false},"excerpt":{"rendered":"<p>Elementos Lit\u00fargicos \u00a0 Estola Banda larga de tela del color correspondiente al oficio que se celebra. El obispo y el presb\u00edtero se la colocan sobre los hombros y espalda, de &hellip; <a class=\"readmore\" href=\"https:\/\/diocesisdeyoro.com\/blog\/?page_id=3476\">Seguir leyendo &rarr;<\/a><\/p>\n","protected":false},"author":1,"featured_media":0,"parent":3423,"menu_order":3,"comment_status":"closed","ping_status":"closed","template":"page-template-full.php","meta":{"_themeisle_gutenberg_block_has_review":false,"footnotes":""},"class_list":["post-3476","page","type-page","status-publish","hentry"],"_links":{"self":[{"href":"https:\/\/diocesisdeyoro.com\/blog\/index.php?rest_route=\/wp\/v2\/pages\/3476","targetHints":{"allow":["GET"]}}],"collection":[{"href":"https:\/\/diocesisdeyoro.com\/blog\/index.php?rest_route=\/wp\/v2\/pages"}],"about":[{"href":"https:\/\/diocesisdeyoro.com\/blog\/index.php?rest_route=\/wp\/v2\/types\/page"}],"author":[{"embeddable":true,"href":"https:\/\/diocesisdeyoro.com\/blog\/index.php?rest_route=\/wp\/v2\/users\/1"}],"replies":[{"embeddable":true,"href":"https:\/\/diocesisdeyoro.com\/blog\/index.php?rest_route=%2Fwp%2Fv2%2Fcomments&post=3476"}],"version-history":[{"count":13,"href":"https:\/\/diocesisdeyoro.com\/blog\/index.php?rest_route=\/wp\/v2\/pages\/3476\/revisions"}],"predecessor-version":[{"id":3740,"href":"https:\/\/diocesisdeyoro.com\/blog\/index.php?rest_route=\/wp\/v2\/pages\/3476\/revisions\/3740"}],"up":[{"embeddable":true,"href":"https:\/\/diocesisdeyoro.com\/blog\/index.php?rest_route=\/wp\/v2\/pages\/3423"}],"wp:attachment":[{"href":"https:\/\/diocesisdeyoro.com\/blog\/index.php?rest_route=%2Fwp%2Fv2%2Fmedia&parent=3476"}],"curies":[{"name":"wp","href":"https:\/\/api.w.org\/{rel}","templated":true}]}}