{"id":3526,"date":"2017-02-17T13:09:04","date_gmt":"2017-02-17T19:09:04","guid":{"rendered":"http:\/\/diocesisdeyoro.com\/blog\/?page_id=3526"},"modified":"2024-02-08T20:56:33","modified_gmt":"2024-02-09T02:56:33","slug":"aprende-sobre-biblia","status":"publish","type":"page","link":"https:\/\/diocesisdeyoro.com\/blog\/?page_id=3526","title":{"rendered":"BIBLIA PARA DELEGADOS. 29 libros del AT"},"content":{"rendered":"<p><img loading=\"lazy\" decoding=\"async\" class=\"\" src=\"https:\/\/plus.google.com\/u\/1\/_\/focus\/photos\/public\/AIbEiAIAAABDCLa8l8qN--n7KCILdmNhcmRfcGhvdG8qKGRiMmU2NDBlN2JmZWNiNDI4M2EyOTU0OWY0YjU0Y2M3MzJlMjRjNWUwATGO3ZTjwFWkasr_FW1B87nKIB2x?sz=64\" alt=\"Foto de perfil de Jes\u00fas Manuel Sariego\" width=\"148\" height=\"148\" \/><\/p>\n<div id=\"yui_3_16_0_ym19_1_1503542066865_2307\" dir=\"ltr\">\n<div id=\"yui_3_16_0_ym19_1_1503542066865_2312\" class=\"yiv9443372054gmail_default\">\n<p id=\"yui_3_16_0_ym19_1_1503542066865_2311\" class=\"yiv9443372054gmail-Default\" style=\"text-align: left;\"><b id=\"yui_3_16_0_ym19_1_1503542066865_2560\"><span id=\"yui_3_16_0_ym19_1_1503542066865_2559\" lang=\"ES-SV\">P<\/span><\/b><b id=\"yui_3_16_0_ym19_1_1503542066865_2567\"><span id=\"yui_3_16_0_ym19_1_1503542066865_2566\" lang=\"ES-SV\">. Jes\u00fas Manuel Sariego Rodr\u00edguez, SJ.<\/span><\/b><\/p>\n<p id=\"yui_3_16_0_ym19_1_1503542066865_2313\" class=\"yiv9443372054gmail-Default\" style=\"text-align: left;\"><span id=\"yui_3_16_0_ym19_1_1503542066865_2569\" lang=\"ES-SV\"><span id=\"yui_3_16_0_ym19_1_1503542066865_2568\">\u00a0<\/span><\/span><strong><span id=\"yui_3_16_0_ym19_1_1503542066865_2314\" lang=\"ES-SV\">Naci\u00f3 en Oviedo (Espa\u00f1a) 25 diciembre 1949, ingres\u00f3 a la Compa\u00f1\u00eda de Jes\u00fas en 1968. Graduado de Teolog\u00eda, Licenciado en Filosof\u00eda (Univ. Comillas), e Historia de Am\u00e9rica (UAM, Madrid). Maestro en Ciencias Pol\u00edticas (UNAM, M\u00e9xico). Profesor de Historia en Comillas, UCA de El Salvador y Nicaragua. Lleg\u00f3 a Honduras en 1977, Vicario en la Parroquia de Tocoa, cofundador del ERIC (El Progreso, 1980). Formador de jesuitas en Centroam\u00e9rica y Argentina. Actualmente P\u00e1rroco de S. Ignacio de Loyola (El Progreso, Yoro, Honduras).<\/span><\/strong><\/p>\n<\/div>\n<\/div>\n\n\n<p>La Biblia es una biblioteca.<\/p>\n\n\n\n<p>Estamos tan acostumbrados a ver en la Biblia un libro que se nos olvida que, originalmente, la<br>Biblia era una biblioteca, o sea, un conjunto de libros. En su origen la Biblia constaba de 73 \u00ablibros\u00bb distintos; tan distintos el uno del otro como los libros de cualquier biblioteca. En la Biblia hay libros<br>de historia, de poes\u00eda, de cartas, de himnos, de refranes, de sermones, de cr\u00f3nicas; hay el registro<br>civil de todo un pueblo y tambi\u00e9n el registro de la propiedad de ese pueblo.<\/p>\n\n\n\n<p>Lo que m\u00e1s se parece a lo que es la Biblia es un peri\u00f3dico o diario cualquiera en el que hay<br>secciones de sentido tan distinto como las noticias internacionales, los editoriales, los anuncios<br>comerciales, poes\u00edas, anuncios de cine o T.V., caricaturas, tiras c\u00f3micos, edictos judiciales, etc.<br>Las noticias internacionales no tienen nunca el mismo sentido que un anuncio de cine o comercial.<br>Exactamente igual, un trozo de carta de San Pablo no tiene nunca el mismo sentido que un salmo<br>del Antiguo Testamento; una poes\u00eda b\u00edblica, como toda poes\u00eda, intenta transmitir un sentimiento y<br>contagiarlo; no tiene nunca el mismo sentido que un mandato urgiendo que algo se haga o deje de<br>hacer.<\/p>\n\n\n\n<p>En ese sentido, citar una frase b\u00edblica fuera de su contexto es tan absurdo, por eso, como<br>pretender que una cita de una tenga el mismo valor para la situaci\u00f3n actual de Honduras que una<br>frase de un Presidente, s\u00f3lo porque los libros de donde se sacaron las grases est\u00e9n en la misma<br>biblioteca. Tan absurdo como decir que un decreto del Gobierno tiene el mismo valor que un<br>anuncio de cine s\u00f3lo porque viene en el mismo peri\u00f3dico.<\/p>\n\n\n\n<p>Lo primero que uno se debe preguntar al leer un texto b\u00edblico no es qu\u00e9 dice aqu\u00ed, sino \u00bfqu\u00e9 quiso<br>decir el autor en ese p\u00e1rrafo que estoy leyendo? Exactamente lo mismo que cuando leo el famoso<br>cuento de la zorra y las uvas, (que fue escrita en el siglo VI antes de Cristo)no le pongo atenci\u00f3n al<br>hecho de que una zorra es la que habla en la f\u00e1bula, cuando s\u00e9 que las zorras no hablan, sino que lo<br>que busco es saber qu\u00e9 me quiere decir el autor de la cuento. As\u00ed deber\u00e9 preguntarme: \u00bfqu\u00e9 quiso<br>decirme el autor del relato, del libro entero? \u00bfEn qu\u00e9 afecta a mi salvaci\u00f3n, a mi liberaci\u00f3n, aqu\u00ed,<br>hoy, en Am\u00e9rica, lo que dice este libro que leo? Porque la Biblia no es para saberla, sino para vivirla<br>y en ella se nos revela todo lo que tiene que ver con nuestra salvaci\u00f3n, con nuestra liberaci\u00f3n.<\/p>\n","protected":false},"excerpt":{"rendered":"<p>P. Jes\u00fas Manuel Sariego Rodr\u00edguez, SJ. \u00a0Naci\u00f3 en Oviedo (Espa\u00f1a) 25 diciembre 1949, ingres\u00f3 a la Compa\u00f1\u00eda de Jes\u00fas en 1968. Graduado de Teolog\u00eda, Licenciado en Filosof\u00eda (Univ. Comillas), e &hellip; <a class=\"readmore\" href=\"https:\/\/diocesisdeyoro.com\/blog\/?page_id=3526\">Seguir leyendo &rarr;<\/a><\/p>\n","protected":false},"author":1,"featured_media":0,"parent":3420,"menu_order":2,"comment_status":"closed","ping_status":"closed","template":"","meta":{"_themeisle_gutenberg_block_has_review":false,"footnotes":""},"class_list":["post-3526","page","type-page","status-publish","hentry"],"_links":{"self":[{"href":"https:\/\/diocesisdeyoro.com\/blog\/index.php?rest_route=\/wp\/v2\/pages\/3526","targetHints":{"allow":["GET"]}}],"collection":[{"href":"https:\/\/diocesisdeyoro.com\/blog\/index.php?rest_route=\/wp\/v2\/pages"}],"about":[{"href":"https:\/\/diocesisdeyoro.com\/blog\/index.php?rest_route=\/wp\/v2\/types\/page"}],"author":[{"embeddable":true,"href":"https:\/\/diocesisdeyoro.com\/blog\/index.php?rest_route=\/wp\/v2\/users\/1"}],"replies":[{"embeddable":true,"href":"https:\/\/diocesisdeyoro.com\/blog\/index.php?rest_route=%2Fwp%2Fv2%2Fcomments&post=3526"}],"version-history":[{"count":16,"href":"https:\/\/diocesisdeyoro.com\/blog\/index.php?rest_route=\/wp\/v2\/pages\/3526\/revisions"}],"predecessor-version":[{"id":26204,"href":"https:\/\/diocesisdeyoro.com\/blog\/index.php?rest_route=\/wp\/v2\/pages\/3526\/revisions\/26204"}],"up":[{"embeddable":true,"href":"https:\/\/diocesisdeyoro.com\/blog\/index.php?rest_route=\/wp\/v2\/pages\/3420"}],"wp:attachment":[{"href":"https:\/\/diocesisdeyoro.com\/blog\/index.php?rest_route=%2Fwp%2Fv2%2Fmedia&parent=3526"}],"curies":[{"name":"wp","href":"https:\/\/api.w.org\/{rel}","templated":true}]}}